{"id":18547,"date":"2026-09-01T18:02:34","date_gmt":"2026-09-01T16:02:34","guid":{"rendered":"https:\/\/impresiondigitalgranformato.es\/?post_type=product&#038;p=18547"},"modified":"2026-09-01T18:02:35","modified_gmt":"2026-09-01T16:02:35","slug":"photocall-textil-recto","status":"publish","type":"product","link":"https:\/\/impresiondigitalgranformato.es\/de\/producto\/photocall-textil-recto\/","title":{"rendered":"Photocall mit geradem Textilhintergrund"},"content":{"rendered":"<p>Gerader Textil-Photocall in verschiedenen Gr\u00f6\u00dfen, aus denen je nach Veranstaltung ausgew\u00e4hlt werden kann.<\/p>\n<p>Druck auf Polyestergewebe<\/p>\n<p>Einfach zu montierendes Aluminiumgestell. <a href=\"https:\/\/www.youtube.com\/watch?v=qQ4azBV4lg0\" target=\"_blank\" rel=\"noopener\">Montagevideo<\/a><\/p>\n<p>Diese Werbewand eignet sich ideal f\u00fcr den Einsatz auf Messen, Veranstaltungen, Festen und Ausstellungen. Sie besticht durch eine sehr elegante Optik, klare Linien und intensive Farben. Au\u00dferdem lassen sich die Grafiken austauschen, sodass Sie sie an verschiedenen St\u00e4nden, bei Pr\u00e4sentationen oder als Hintergrund f\u00fcr Gruppenfotos verwenden k\u00f6nnen.<\/p>\n<p><strong>Grafik des Textil-Photocalls: <\/strong>Die Grafik besteht aus elastischem Polyestergewebe. Dadurch l\u00e4sst sich die Grafik beim Anbringen an der Backwall-Konstruktion gut anspannen. Der Verschluss erfolgt \u00fcber einen Rei\u00dfverschluss, der am unteren Rand eingen\u00e4ht ist. Dank dieses Systems k\u00f6nnen Sie die Grafiken jederzeit schnell austauschen.<\/p>\n<p><strong>Aufbau des Textil-Photocalls:<\/strong> Das Gestell besteht aus Aluminiumrohren mit einem Durchmesser von 30 mm. Die Montage erfolgt werkzeuglos, mit Ausnahme der Befestigung der F\u00fc\u00dfe, f\u00fcr die ein im Lieferumfang enthaltener Inbusschl\u00fcssel verwendet wird. Einige der Teile sind bereits mit einem Gummiband befestigt; die Verbindungsstellen zwischen den Teilen sind nummeriert und werden mit Druckkn\u00f6pfen verbunden. Im Lieferumfang enthalten sind <strong>Tragetasche<\/strong> gepolstert, um einen sicheren Transport und eine sichere Lagerung des geraden Textil-Photocalls zu erm\u00f6glichen.<\/p>\n<p><strong>Bedruckung des Textil-Photocalls:<\/strong> Der Druck des Photocall-Motivs erfolgt im Sublimationsverfahren, wodurch die Farben besonders intensiv zur Geltung kommen. Wir bieten die M\u00f6glichkeit, ein- oder beidseitig zu drucken, damit das Textil-Photocall von beiden Seiten sichtbar ist. Bei einseitigem Druck wird die R\u00fcckseite unbedruckt geliefert. Au\u00dferdem bieten wir die M\u00f6glichkeit, den Druck auf <strong>undurchsichtiges Polyester<\/strong> sowohl bei einseitigen als auch bei zweiseitigen Grafiken, um Durchscheinen und Schatten bei einer hinteren Lichtquelle zu vermeiden.<\/p>\n<h3><span style=\"color: #000080;\">Verschiedene Gr\u00f6\u00dfen des geraden Textil-Photocalls.<\/span><\/h3>\n<p>Alle Gr\u00f6\u00dfen der Werbewand sind 230 cm hoch.<\/p>\n<p><strong>200 cm<\/strong> breit, damit drei Personen bequem fotografieren k\u00f6nnen.<\/p>\n<p><strong>240 cm<\/strong> breit, damit vier Personen bequem fotografieren k\u00f6nnen.<\/p>\n<p><strong>300 cm<\/strong> breit, damit 5 Personen bequem darauf fotografiert werden k\u00f6nnen.<\/p>\n<p><strong>400 cm<\/strong> breit, damit 7 Personen bequem darauf fotografiert werden k\u00f6nnen.<\/p>\n<p><strong>500 cm<\/strong> breit, damit 9 Personen bequem darauf fotografiert werden k\u00f6nnen.<\/p>\n<p><strong>600 cm<\/strong> breit, damit 11 Personen bequem darauf fotografiert werden k\u00f6nnen.<\/p>\n<h3 style=\"text-align: left;\"><span style=\"color: #ff6600;\">Weitere Arten von Fotow\u00e4nden, die wir anbieten und die Sie vielleicht kaufen m\u00f6chten.<\/span><\/h3>\n<p><a href=\"https:\/\/impresiondigitalgranformato.es\/de\/photocall-baratos-economicos\/\">G\u00fcnstiger Photocall<\/a>, das h\u00e4ufig auf Geburtstagsfeiern zum Einsatz kommt.<\/p>\n<p><a href=\"https:\/\/impresiondigitalgranformato.es\/de\/pop-up-photocall\/\">Pop up<\/a>, wahlweise mit Druck auf Leinwand oder Stoff.<\/p>\n<p><a href=\"https:\/\/impresiondigitalgranformato.es\/de\/produkt-kategorie\/erweiterbarer-photocall\/\">Verl\u00e4ngerbarer Fototermin<\/a>, mit einer einzigen Struktur k\u00f6nnen Sie Grafiken unterschiedlicher Gr\u00f6\u00dfe austauschen.<\/p>\n<p><a href=\"https:\/\/impresiondigitalgranformato.es\/de\/produkt\/rollup-premium-economico\/\">Roll up premium<\/a>, Montage in weniger als einer Minute.<\/p>\n<p>&nbsp;<\/p>\n<p>Mit dem Kauf dieses geraden Textil-Photocalls k\u00f6nnen Sie Ihren Messestand, Ihre Verkaufsfl\u00e4che oder Ihre Fotowand schnell und effizient auf- und abbauen.<\/p>\n<p>&nbsp;<\/p>","protected":false},"excerpt":{"rendered":"<h2 style=\"text-align: center;\">Photocall en tela de poli\u00e9ster recto<\/h2>\n<p style=\"text-align: center;\">","protected":false},"featured_media":18549,"comment_status":"open","ping_status":"closed","template":"","meta":[],"product_brand":[],"product_cat":[9],"product_tag":[],"class_list":["post-18547","product","type-product","status-publish","has-post-thumbnail","product_cat-photocall-barato","first","instock","sold-individually","taxable","shipping-taxable","purchasable","product-type-simple"],"yoast_head":"<!-- This site is optimized with the Yoast SEO plugin v28.3 - https:\/\/yoast.com\/product\/yoast-seo-wordpress\/ -->\n<title>Photocall textil recto - Los + baratos<\/title>\n<meta name=\"description\" content=\"Photocall textil recto con impresi\u00f3n a todo color por 1 \u00f3 2 caras con varios tama\u00f1os para elegir y de f\u00e1cil montaje adem\u00e1s con env\u00edo gratuito a pen\u00ednsula.\" \/>\n<meta name=\"robots\" content=\"index, follow, max-snippet:-1, max-image-preview:large, max-video-preview:-1\" \/>\n<link rel=\"canonical\" href=\"https:\/\/impresiondigitalgranformato.es\/de\/produkt\/photocall-textil-recto\/\" \/>\n<meta property=\"og:locale\" content=\"de_DE\" \/>\n<meta property=\"og:type\" content=\"article\" \/>\n<meta property=\"og:title\" content=\"Photocall textil recto - Los + baratos\" \/>\n<meta property=\"og:description\" content=\"Photocall textil recto con impresi\u00f3n a todo color por 1 \u00f3 2 caras con varios tama\u00f1os para elegir y de f\u00e1cil montaje adem\u00e1s con env\u00edo gratuito a pen\u00ednsula.\" \/>\n<meta property=\"og:url\" content=\"https:\/\/impresiondigitalgranformato.es\/de\/produkt\/photocall-textil-recto\/\" \/>\n<meta property=\"og:site_name\" content=\"Los + baratos\" \/>\n<meta property=\"article:modified_time\" content=\"2026-09-01T16:02:35+00:00\" \/>\n<meta property=\"og:image\" content=\"http:\/\/impresiondigitalgranformato.es\/wp-content\/uploads\/2026\/07\/photocall-textil-recto.jpg\" \/>\n\t<meta property=\"og:image:width\" content=\"945\" \/>\n\t<meta property=\"og:image:height\" content=\"945\" \/>\n\t<meta property=\"og:image:type\" content=\"image\/jpeg\" \/>\n<meta name=\"twitter:card\" content=\"summary_large_image\" \/>\n<meta name=\"twitter:label1\" content=\"Gesch\u00e4tzte Lesezeit\" \/>\n\t<meta name=\"twitter:data1\" content=\"3\u00a0Minuten\" \/>\n<script type=\"application\/ld+json\" class=\"yoast-schema-graph\">{\"@context\":\"https:\\\/\\\/schema.org\",\"@graph\":[{\"@type\":\"WebPage\",\"@id\":\"https:\\\/\\\/impresiondigitalgranformato.es\\\/producto\\\/photocall-textil-recto\\\/\",\"url\":\"https:\\\/\\\/impresiondigitalgranformato.es\\\/producto\\\/photocall-textil-recto\\\/\",\"name\":\"Photocall textil recto - Los + baratos\",\"isPartOf\":{\"@id\":\"https:\\\/\\\/impresiondigitalgranformato.es\\\/#website\"},\"primaryImageOfPage\":{\"@id\":\"https:\\\/\\\/impresiondigitalgranformato.es\\\/producto\\\/photocall-textil-recto\\\/#primaryimage\"},\"image\":{\"@id\":\"https:\\\/\\\/impresiondigitalgranformato.es\\\/producto\\\/photocall-textil-recto\\\/#primaryimage\"},\"thumbnailUrl\":\"https:\\\/\\\/i0.wp.com\\\/impresiondigitalgranformato.es\\\/wp-content\\\/uploads\\\/2026\\\/07\\\/photocall-textil-recto.jpg?fit=945%2C945&ssl=1\",\"datePublished\":\"2026-09-01T16:02:34+00:00\",\"dateModified\":\"2026-09-01T16:02:35+00:00\",\"description\":\"Photocall textil recto con impresi\u00f3n a todo color por 1 \u00f3 2 caras con varios tama\u00f1os para elegir y de f\u00e1cil montaje adem\u00e1s con env\u00edo gratuito a pen\u00ednsula.\",\"breadcrumb\":{\"@id\":\"https:\\\/\\\/impresiondigitalgranformato.es\\\/producto\\\/photocall-textil-recto\\\/#breadcrumb\"},\"inLanguage\":\"de\",\"potentialAction\":[{\"@type\":\"ReadAction\",\"target\":[\"https:\\\/\\\/impresiondigitalgranformato.es\\\/producto\\\/photocall-textil-recto\\\/\"]}]},{\"@type\":\"ImageObject\",\"inLanguage\":\"de\",\"@id\":\"https:\\\/\\\/impresiondigitalgranformato.es\\\/producto\\\/photocall-textil-recto\\\/#primaryimage\",\"url\":\"https:\\\/\\\/i0.wp.com\\\/impresiondigitalgranformato.es\\\/wp-content\\\/uploads\\\/2026\\\/07\\\/photocall-textil-recto.jpg?fit=945%2C945&ssl=1\",\"contentUrl\":\"https:\\\/\\\/i0.wp.com\\\/impresiondigitalgranformato.es\\\/wp-content\\\/uploads\\\/2026\\\/07\\\/photocall-textil-recto.jpg?fit=945%2C945&ssl=1\",\"width\":945,\"height\":945,\"caption\":\"photocall textil recto\"},{\"@type\":\"BreadcrumbList\",\"@id\":\"https:\\\/\\\/impresiondigitalgranformato.es\\\/producto\\\/photocall-textil-recto\\\/#breadcrumb\",\"itemListElement\":[{\"@type\":\"ListItem\",\"position\":1,\"name\":\"Portada\",\"item\":\"https:\\\/\\\/impresiondigitalgranformato.es\\\/\"},{\"@type\":\"ListItem\",\"position\":2,\"name\":\"Productos\",\"item\":\"https:\\\/\\\/impresiondigitalgranformato.es\\\/venta-roll-up-banner\\\/\"},{\"@type\":\"ListItem\",\"position\":3,\"name\":\"Photocall textil recto\"}]},{\"@type\":\"WebSite\",\"@id\":\"https:\\\/\\\/impresiondigitalgranformato.es\\\/#website\",\"url\":\"https:\\\/\\\/impresiondigitalgranformato.es\\\/\",\"name\":\"Los + baratos\",\"description\":\"impresi\u00f3n digital gran formato venta de roll up, banner, banderas, lonas, carteles, displays, publicidad\",\"publisher\":{\"@id\":\"https:\\\/\\\/impresiondigitalgranformato.es\\\/#organization\"},\"potentialAction\":[{\"@type\":\"SearchAction\",\"target\":{\"@type\":\"EntryPoint\",\"urlTemplate\":\"https:\\\/\\\/impresiondigitalgranformato.es\\\/?s={search_term_string}\"},\"query-input\":{\"@type\":\"PropertyValueSpecification\",\"valueRequired\":true,\"valueName\":\"search_term_string\"}}],\"inLanguage\":\"de\"},{\"@type\":\"Organization\",\"@id\":\"https:\\\/\\\/impresiondigitalgranformato.es\\\/#organization\",\"name\":\"Los + baratos\",\"url\":\"https:\\\/\\\/impresiondigitalgranformato.es\\\/\",\"logo\":{\"@type\":\"ImageObject\",\"inLanguage\":\"de\",\"@id\":\"https:\\\/\\\/impresiondigitalgranformato.es\\\/#\\\/schema\\\/logo\\\/image\\\/\",\"url\":\"https:\\\/\\\/i0.wp.com\\\/impresiondigitalgranformato.es\\\/wp-content\\\/uploads\\\/2016\\\/12\\\/cropped-logotipo-2-e1483373659766.png?fit=500%2C101&ssl=1\",\"contentUrl\":\"https:\\\/\\\/i0.wp.com\\\/impresiondigitalgranformato.es\\\/wp-content\\\/uploads\\\/2016\\\/12\\\/cropped-logotipo-2-e1483373659766.png?fit=500%2C101&ssl=1\",\"width\":500,\"height\":101,\"caption\":\"Los + baratos\"},\"image\":{\"@id\":\"https:\\\/\\\/impresiondigitalgranformato.es\\\/#\\\/schema\\\/logo\\\/image\\\/\"}}]}<\/script>\n<!-- \/ Yoast SEO plugin. -->","yoast_head_json":{"title":"Gerader Textil-Photocall \u2013 Die g\u00fcnstigsten","description":"Gerader Textil-Photocall mit vollfarbigem Druck auf einer oder beiden Seiten, in verschiedenen Gr\u00f6\u00dfen zur Auswahl, einfach aufzubauen und zudem mit kostenlosem Versand auf das spanische Festland.","robots":{"index":"index","follow":"follow","max-snippet":"max-snippet:-1","max-image-preview":"max-image-preview:large","max-video-preview":"max-video-preview:-1"},"canonical":"https:\/\/impresiondigitalgranformato.es\/de\/produkt\/photocall-textil-recto\/","og_locale":"de_DE","og_type":"article","og_title":"Photocall textil recto - Los + baratos","og_description":"Photocall textil recto con impresi\u00f3n a todo color por 1 \u00f3 2 caras con varios tama\u00f1os para elegir y de f\u00e1cil montaje adem\u00e1s con env\u00edo gratuito a pen\u00ednsula.","og_url":"https:\/\/impresiondigitalgranformato.es\/de\/produkt\/photocall-textil-recto\/","og_site_name":"Los + baratos","article_modified_time":"2026-09-01T16:02:35+00:00","og_image":[{"width":945,"height":945,"url":"http:\/\/impresiondigitalgranformato.es\/wp-content\/uploads\/2026\/07\/photocall-textil-recto.jpg","type":"image\/jpeg"}],"twitter_card":"summary_large_image","twitter_misc":{"Gesch\u00e4tzte Lesezeit":"3\u00a0Minuten"},"schema":{"@context":"https:\/\/schema.org","@graph":[{"@type":"WebPage","@id":"https:\/\/impresiondigitalgranformato.es\/producto\/photocall-textil-recto\/","url":"https:\/\/impresiondigitalgranformato.es\/producto\/photocall-textil-recto\/","name":"Gerader Textil-Photocall \u2013 Die g\u00fcnstigsten","isPartOf":{"@id":"https:\/\/impresiondigitalgranformato.es\/#website"},"primaryImageOfPage":{"@id":"https:\/\/impresiondigitalgranformato.es\/producto\/photocall-textil-recto\/#primaryimage"},"image":{"@id":"https:\/\/impresiondigitalgranformato.es\/producto\/photocall-textil-recto\/#primaryimage"},"thumbnailUrl":"https:\/\/i0.wp.com\/impresiondigitalgranformato.es\/wp-content\/uploads\/2026\/07\/photocall-textil-recto.jpg?fit=945%2C945&ssl=1","datePublished":"2026-09-01T16:02:34+00:00","dateModified":"2026-09-01T16:02:35+00:00","description":"Gerader Textil-Photocall mit vollfarbigem Druck auf einer oder beiden Seiten, in verschiedenen Gr\u00f6\u00dfen zur Auswahl, einfach aufzubauen und zudem mit kostenlosem Versand auf das spanische Festland.","breadcrumb":{"@id":"https:\/\/impresiondigitalgranformato.es\/producto\/photocall-textil-recto\/#breadcrumb"},"inLanguage":"de","potentialAction":[{"@type":"ReadAction","target":["https:\/\/impresiondigitalgranformato.es\/producto\/photocall-textil-recto\/"]}]},{"@type":"ImageObject","inLanguage":"de","@id":"https:\/\/impresiondigitalgranformato.es\/producto\/photocall-textil-recto\/#primaryimage","url":"https:\/\/i0.wp.com\/impresiondigitalgranformato.es\/wp-content\/uploads\/2026\/07\/photocall-textil-recto.jpg?fit=945%2C945&ssl=1","contentUrl":"https:\/\/i0.wp.com\/impresiondigitalgranformato.es\/wp-content\/uploads\/2026\/07\/photocall-textil-recto.jpg?fit=945%2C945&ssl=1","width":945,"height":945,"caption":"photocall textil recto"},{"@type":"BreadcrumbList","@id":"https:\/\/impresiondigitalgranformato.es\/producto\/photocall-textil-recto\/#breadcrumb","itemListElement":[{"@type":"ListItem","position":1,"name":"Portada","item":"https:\/\/impresiondigitalgranformato.es\/"},{"@type":"ListItem","position":2,"name":"Productos","item":"https:\/\/impresiondigitalgranformato.es\/venta-roll-up-banner\/"},{"@type":"ListItem","position":3,"name":"Photocall textil recto"}]},{"@type":"WebSite","@id":"https:\/\/impresiondigitalgranformato.es\/#website","url":"https:\/\/impresiondigitalgranformato.es\/","name":"Die billigsten","description":"Gro\u00dfformatiger Digitaldruck Verkauf von Roll-ups, Bannern, Flaggen, Fahnen, Planen, Postern, Displays, Anzeigen","publisher":{"@id":"https:\/\/impresiondigitalgranformato.es\/#organization"},"potentialAction":[{"@type":"SearchAction","target":{"@type":"EntryPoint","urlTemplate":"https:\/\/impresiondigitalgranformato.es\/?s={search_term_string}"},"query-input":{"@type":"PropertyValueSpecification","valueRequired":true,"valueName":"search_term_string"}}],"inLanguage":"de"},{"@type":"Organization","@id":"https:\/\/impresiondigitalgranformato.es\/#organization","name":"Die billigsten","url":"https:\/\/impresiondigitalgranformato.es\/","logo":{"@type":"ImageObject","inLanguage":"de","@id":"https:\/\/impresiondigitalgranformato.es\/#\/schema\/logo\/image\/","url":"https:\/\/i0.wp.com\/impresiondigitalgranformato.es\/wp-content\/uploads\/2016\/12\/cropped-logotipo-2-e1483373659766.png?fit=500%2C101&ssl=1","contentUrl":"https:\/\/i0.wp.com\/impresiondigitalgranformato.es\/wp-content\/uploads\/2016\/12\/cropped-logotipo-2-e1483373659766.png?fit=500%2C101&ssl=1","width":500,"height":101,"caption":"Los + baratos"},"image":{"@id":"https:\/\/impresiondigitalgranformato.es\/#\/schema\/logo\/image\/"}}]}},"jetpack_sharing_enabled":true,"_links":{"self":[{"href":"https:\/\/impresiondigitalgranformato.es\/de\/wp-json\/wp\/v2\/product\/18547","targetHints":{"allow":["GET"]}}],"collection":[{"href":"https:\/\/impresiondigitalgranformato.es\/de\/wp-json\/wp\/v2\/product"}],"about":[{"href":"https:\/\/impresiondigitalgranformato.es\/de\/wp-json\/wp\/v2\/types\/product"}],"replies":[{"embeddable":true,"href":"https:\/\/impresiondigitalgranformato.es\/de\/wp-json\/wp\/v2\/comments?post=18547"}],"wp:featuredmedia":[{"embeddable":true,"href":"https:\/\/impresiondigitalgranformato.es\/de\/wp-json\/wp\/v2\/media\/18549"}],"wp:attachment":[{"href":"https:\/\/impresiondigitalgranformato.es\/de\/wp-json\/wp\/v2\/media?parent=18547"}],"wp:term":[{"taxonomy":"product_brand","embeddable":true,"href":"https:\/\/impresiondigitalgranformato.es\/de\/wp-json\/wp\/v2\/product_brand?post=18547"},{"taxonomy":"product_cat","embeddable":true,"href":"https:\/\/impresiondigitalgranformato.es\/de\/wp-json\/wp\/v2\/product_cat?post=18547"},{"taxonomy":"product_tag","embeddable":true,"href":"https:\/\/impresiondigitalgranformato.es\/de\/wp-json\/wp\/v2\/product_tag?post=18547"}],"curies":[{"name":"wp","href":"https:\/\/api.w.org\/{rel}","templated":true}]}}