{"id":18547,"date":"2026-09-01T18:02:34","date_gmt":"2026-09-01T16:02:34","guid":{"rendered":"https:\/\/impresiondigitalgranformato.es\/?post_type=product&#038;p=18547"},"modified":"2026-09-01T18:02:35","modified_gmt":"2026-09-01T16:02:35","slug":"photocall-textil-recto","status":"publish","type":"product","link":"https:\/\/impresiondigitalgranformato.es\/fr\/producto\/photocall-textil-recto\/","title":{"rendered":"photocall textile droit"},"content":{"rendered":"<p>Photocall textile droit, disponible en diff\u00e9rentes tailles pour s'adapter \u00e0 chaque \u00e9v\u00e9nement.<\/p>\n<p>Impression r\u00e9alis\u00e9e sur tissu en polyester<\/p>\n<p>Structure en aluminium facile \u00e0 monter. <a href=\"https:\/\/www.youtube.com\/watch?v=qQ4azBV4lg0\" target=\"_blank\" rel=\"noopener\">vid\u00e9o d'assemblage<\/a><\/p>\n<p>Ce panneau publicitaire est id\u00e9al pour les salons, les \u00e9v\u00e9nements, les f\u00eates et les expositions. Sa finition est tr\u00e8s \u00e9l\u00e9gante, ses lignes sont tr\u00e8s nettes et ses couleurs tr\u00e8s vives. Il permet en outre de changer les visuels, ce qui vous permet de l'utiliser sur diff\u00e9rents stands, lors de pr\u00e9sentations ou comme arri\u00e8re-plan pour des photos de groupe.<\/p>\n<p><strong>Illustration du photocall textile : <\/strong>Le visuel est r\u00e9alis\u00e9 en tissu polyester extensible. Cela permet, une fois le visuel plac\u00e9 sur la structure du backwall, de le tendre parfaitement. La fermeture s'effectue \u00e0 l'aide d'une fermeture \u00e9clair cousue dans la partie inf\u00e9rieure ; ce syst\u00e8me vous permet de changer de visuel rapidement \u00e0 tout moment.<\/p>\n<p><strong>Structure du photocall textile :<\/strong> La structure est fabriqu\u00e9e \u00e0 partir de tubes en aluminium de 30 mm de diam\u00e8tre. Le montage s'effectue sans outils, \u00e0 l'exception de la fixation des pieds, pour laquelle on utilise une cl\u00e9 Allen fournie. Certaines sections sont d\u00e9j\u00e0 maintenues par un cordon \u00e9lastique ; les jonctions entre les sections sont num\u00e9rot\u00e9es et s'assemblent \u00e0 l'aide de boutons-pression. Comprend <strong>sac de transport<\/strong> rembourr\u00e9e pour permettre un transport et un stockage en toute s\u00e9curit\u00e9 du photocall textile droit.<\/p>\n<p><strong>Impression du photocall textile :<\/strong> L'impression du visuel du photocall est r\u00e9alis\u00e9e par sublimation, ce qui garantit des couleurs tr\u00e8s intenses. Nous proposons un choix entre une impression recto ou recto-verso afin que le photocall textile soit visible des deux c\u00f4t\u00e9s ; si l'impression est r\u00e9alis\u00e9e sur une seule face, le verso est livr\u00e9 en blanc. Nous proposons \u00e9galement la possibilit\u00e9 de r\u00e9aliser l'impression sur <strong>polyester opaque<\/strong> que ce soit sur des graphiques \u00e0 1 ou 2 faces, afin d'\u00e9viter les transparences et les ombres en cas de source lumineuse arri\u00e8re.<\/p>\n<h3><span style=\"color: #000080;\">Diff\u00e9rentes tailles du photocall textile droit.<\/span><\/h3>\n<p>Toutes les dimensions du panneau publicitaire ont une hauteur de 230 cm.<\/p>\n<p><strong>200 cm<\/strong> de large, pour permettre \u00e0 trois personnes de prendre des photos confortablement.<\/p>\n<p><strong>240 cm<\/strong> de large, pour permettre \u00e0 4 personnes de se faire prendre en photo confortablement.<\/p>\n<p><strong>300 cm<\/strong> de large, pour permettre \u00e0 5 personnes de se faire prendre en photo confortablement.<\/p>\n<p><strong>400 cm<\/strong> de large, pour permettre \u00e0 47 personnes de se faire prendre en photo confortablement.<\/p>\n<p><strong>500 cm<\/strong> de large, pour permettre \u00e0 9 personnes de se faire prendre en photo confortablement.<\/p>\n<p><strong>600 cm<\/strong> de large, pour permettre \u00e0 11 personnes de se faire prendre en photo confortablement.<\/p>\n<h3 style=\"text-align: left;\"><span style=\"color: #ff6600;\">Weitere Arten von Fotow\u00e4nden, die wir anbieten und die Sie vielleicht kaufen m\u00f6chten.<\/span><\/h3>\n<p><a href=\"https:\/\/impresiondigitalgranformato.es\/fr\/photocall-baratos-economicos\/\">Photocall \u00e0 petit prix<\/a>, tr\u00e8s utilis\u00e9 lors des f\u00eates d'anniversaire.<\/p>\n<p><a href=\"https:\/\/impresiondigitalgranformato.es\/fr\/pop-up-photocall\/\">Pop up<\/a>, avec au choix un visuel sur toile ou sur tissu.<\/p>\n<p><a href=\"https:\/\/impresiondigitalgranformato.es\/fr\/categorie-produit\/photocall-extensible\/\">Photocall extensible<\/a>, une seule structure permet d'\u00e9changer des graphiques de diff\u00e9rentes tailles.<\/p>\n<p><a href=\"https:\/\/impresiondigitalgranformato.es\/fr\/produit\/rollup-premium-economico\/\">Roll up premium<\/a>, montage en moins d'une minute.<\/p>\n<p>&nbsp;<\/p>\n<p>L'achat de ce photocall textile droit vous permettra de monter et de d\u00e9monter rapidement et efficacement votre stand, votre point de vente ou votre mur de photos.<\/p>\n<p>&nbsp;<\/p>","protected":false},"excerpt":{"rendered":"<h2 style=\"text-align: center;\">Photocall en tela de poli\u00e9ster recto<\/h2>\n<p style=\"text-align: center;\">","protected":false},"featured_media":18549,"comment_status":"open","ping_status":"closed","template":"","meta":[],"product_brand":[],"product_cat":[9],"product_tag":[],"class_list":["post-18547","product","type-product","status-publish","has-post-thumbnail","product_cat-photocall-barato","first","instock","sold-individually","taxable","shipping-taxable","purchasable","product-type-simple"],"yoast_head":"<!-- This site is optimized with the Yoast SEO plugin v28.3 - https:\/\/yoast.com\/product\/yoast-seo-wordpress\/ -->\n<title>Photocall textil recto - Los + baratos<\/title>\n<meta name=\"description\" content=\"Photocall textil recto con impresi\u00f3n a todo color por 1 \u00f3 2 caras con varios tama\u00f1os para elegir y de f\u00e1cil montaje adem\u00e1s con env\u00edo gratuito a pen\u00ednsula.\" \/>\n<meta name=\"robots\" content=\"index, follow, max-snippet:-1, max-image-preview:large, max-video-preview:-1\" \/>\n<link rel=\"canonical\" href=\"https:\/\/impresiondigitalgranformato.es\/fr\/produit\/photocall-textil-recto\/\" \/>\n<meta property=\"og:locale\" content=\"fr_FR\" \/>\n<meta property=\"og:type\" content=\"article\" \/>\n<meta property=\"og:title\" content=\"Photocall textil recto - Los + baratos\" \/>\n<meta property=\"og:description\" content=\"Photocall textil recto con impresi\u00f3n a todo color por 1 \u00f3 2 caras con varios tama\u00f1os para elegir y de f\u00e1cil montaje adem\u00e1s con env\u00edo gratuito a pen\u00ednsula.\" \/>\n<meta property=\"og:url\" content=\"https:\/\/impresiondigitalgranformato.es\/fr\/produit\/photocall-textil-recto\/\" \/>\n<meta property=\"og:site_name\" content=\"Los + baratos\" \/>\n<meta property=\"article:modified_time\" content=\"2026-09-01T16:02:35+00:00\" \/>\n<meta property=\"og:image\" content=\"http:\/\/impresiondigitalgranformato.es\/wp-content\/uploads\/2026\/07\/photocall-textil-recto.jpg\" \/>\n\t<meta property=\"og:image:width\" content=\"945\" \/>\n\t<meta property=\"og:image:height\" content=\"945\" \/>\n\t<meta property=\"og:image:type\" content=\"image\/jpeg\" \/>\n<meta name=\"twitter:card\" content=\"summary_large_image\" \/>\n<meta name=\"twitter:label1\" content=\"Dur\u00e9e de lecture estim\u00e9e\" \/>\n\t<meta name=\"twitter:data1\" content=\"3 minutes\" \/>\n<script type=\"application\/ld+json\" class=\"yoast-schema-graph\">{\"@context\":\"https:\\\/\\\/schema.org\",\"@graph\":[{\"@type\":\"WebPage\",\"@id\":\"https:\\\/\\\/impresiondigitalgranformato.es\\\/producto\\\/photocall-textil-recto\\\/\",\"url\":\"https:\\\/\\\/impresiondigitalgranformato.es\\\/producto\\\/photocall-textil-recto\\\/\",\"name\":\"Photocall textil recto - Los + baratos\",\"isPartOf\":{\"@id\":\"https:\\\/\\\/impresiondigitalgranformato.es\\\/#website\"},\"primaryImageOfPage\":{\"@id\":\"https:\\\/\\\/impresiondigitalgranformato.es\\\/producto\\\/photocall-textil-recto\\\/#primaryimage\"},\"image\":{\"@id\":\"https:\\\/\\\/impresiondigitalgranformato.es\\\/producto\\\/photocall-textil-recto\\\/#primaryimage\"},\"thumbnailUrl\":\"https:\\\/\\\/i0.wp.com\\\/impresiondigitalgranformato.es\\\/wp-content\\\/uploads\\\/2026\\\/07\\\/photocall-textil-recto.jpg?fit=945%2C945&ssl=1\",\"datePublished\":\"2026-09-01T16:02:34+00:00\",\"dateModified\":\"2026-09-01T16:02:35+00:00\",\"description\":\"Photocall textil recto con impresi\u00f3n a todo color por 1 \u00f3 2 caras con varios tama\u00f1os para elegir y de f\u00e1cil montaje adem\u00e1s con env\u00edo gratuito a pen\u00ednsula.\",\"breadcrumb\":{\"@id\":\"https:\\\/\\\/impresiondigitalgranformato.es\\\/producto\\\/photocall-textil-recto\\\/#breadcrumb\"},\"inLanguage\":\"fr-FR\",\"potentialAction\":[{\"@type\":\"ReadAction\",\"target\":[\"https:\\\/\\\/impresiondigitalgranformato.es\\\/producto\\\/photocall-textil-recto\\\/\"]}]},{\"@type\":\"ImageObject\",\"inLanguage\":\"fr-FR\",\"@id\":\"https:\\\/\\\/impresiondigitalgranformato.es\\\/producto\\\/photocall-textil-recto\\\/#primaryimage\",\"url\":\"https:\\\/\\\/i0.wp.com\\\/impresiondigitalgranformato.es\\\/wp-content\\\/uploads\\\/2026\\\/07\\\/photocall-textil-recto.jpg?fit=945%2C945&ssl=1\",\"contentUrl\":\"https:\\\/\\\/i0.wp.com\\\/impresiondigitalgranformato.es\\\/wp-content\\\/uploads\\\/2026\\\/07\\\/photocall-textil-recto.jpg?fit=945%2C945&ssl=1\",\"width\":945,\"height\":945,\"caption\":\"photocall textil recto\"},{\"@type\":\"BreadcrumbList\",\"@id\":\"https:\\\/\\\/impresiondigitalgranformato.es\\\/producto\\\/photocall-textil-recto\\\/#breadcrumb\",\"itemListElement\":[{\"@type\":\"ListItem\",\"position\":1,\"name\":\"Portada\",\"item\":\"https:\\\/\\\/impresiondigitalgranformato.es\\\/\"},{\"@type\":\"ListItem\",\"position\":2,\"name\":\"Productos\",\"item\":\"https:\\\/\\\/impresiondigitalgranformato.es\\\/venta-roll-up-banner\\\/\"},{\"@type\":\"ListItem\",\"position\":3,\"name\":\"Photocall textil recto\"}]},{\"@type\":\"WebSite\",\"@id\":\"https:\\\/\\\/impresiondigitalgranformato.es\\\/#website\",\"url\":\"https:\\\/\\\/impresiondigitalgranformato.es\\\/\",\"name\":\"Los + baratos\",\"description\":\"impresi\u00f3n digital gran formato venta de roll up, banner, banderas, lonas, carteles, displays, publicidad\",\"publisher\":{\"@id\":\"https:\\\/\\\/impresiondigitalgranformato.es\\\/#organization\"},\"potentialAction\":[{\"@type\":\"SearchAction\",\"target\":{\"@type\":\"EntryPoint\",\"urlTemplate\":\"https:\\\/\\\/impresiondigitalgranformato.es\\\/?s={search_term_string}\"},\"query-input\":{\"@type\":\"PropertyValueSpecification\",\"valueRequired\":true,\"valueName\":\"search_term_string\"}}],\"inLanguage\":\"fr-FR\"},{\"@type\":\"Organization\",\"@id\":\"https:\\\/\\\/impresiondigitalgranformato.es\\\/#organization\",\"name\":\"Los + baratos\",\"url\":\"https:\\\/\\\/impresiondigitalgranformato.es\\\/\",\"logo\":{\"@type\":\"ImageObject\",\"inLanguage\":\"fr-FR\",\"@id\":\"https:\\\/\\\/impresiondigitalgranformato.es\\\/#\\\/schema\\\/logo\\\/image\\\/\",\"url\":\"https:\\\/\\\/i0.wp.com\\\/impresiondigitalgranformato.es\\\/wp-content\\\/uploads\\\/2016\\\/12\\\/cropped-logotipo-2-e1483373659766.png?fit=500%2C101&ssl=1\",\"contentUrl\":\"https:\\\/\\\/i0.wp.com\\\/impresiondigitalgranformato.es\\\/wp-content\\\/uploads\\\/2016\\\/12\\\/cropped-logotipo-2-e1483373659766.png?fit=500%2C101&ssl=1\",\"width\":500,\"height\":101,\"caption\":\"Los + baratos\"},\"image\":{\"@id\":\"https:\\\/\\\/impresiondigitalgranformato.es\\\/#\\\/schema\\\/logo\\\/image\\\/\"}}]}<\/script>\n<!-- \/ Yoast SEO plugin. -->","yoast_head_json":{"title":"Photocall textile droit - Les moins chers","description":"Photocall textile droit avec impression en couleur sur 1 ou 2 faces, disponible en plusieurs tailles au choix, facile \u00e0 monter et livr\u00e9 gratuitement en Espagne continentale.","robots":{"index":"index","follow":"follow","max-snippet":"max-snippet:-1","max-image-preview":"max-image-preview:large","max-video-preview":"max-video-preview:-1"},"canonical":"https:\/\/impresiondigitalgranformato.es\/fr\/produit\/photocall-textil-recto\/","og_locale":"fr_FR","og_type":"article","og_title":"Photocall textil recto - Los + baratos","og_description":"Photocall textil recto con impresi\u00f3n a todo color por 1 \u00f3 2 caras con varios tama\u00f1os para elegir y de f\u00e1cil montaje adem\u00e1s con env\u00edo gratuito a pen\u00ednsula.","og_url":"https:\/\/impresiondigitalgranformato.es\/fr\/produit\/photocall-textil-recto\/","og_site_name":"Los + baratos","article_modified_time":"2026-09-01T16:02:35+00:00","og_image":[{"width":945,"height":945,"url":"http:\/\/impresiondigitalgranformato.es\/wp-content\/uploads\/2026\/07\/photocall-textil-recto.jpg","type":"image\/jpeg"}],"twitter_card":"summary_large_image","twitter_misc":{"Dur\u00e9e de lecture estim\u00e9e":"3 minutes"},"schema":{"@context":"https:\/\/schema.org","@graph":[{"@type":"WebPage","@id":"https:\/\/impresiondigitalgranformato.es\/producto\/photocall-textil-recto\/","url":"https:\/\/impresiondigitalgranformato.es\/producto\/photocall-textil-recto\/","name":"Photocall textile droit - Les moins chers","isPartOf":{"@id":"https:\/\/impresiondigitalgranformato.es\/#website"},"primaryImageOfPage":{"@id":"https:\/\/impresiondigitalgranformato.es\/producto\/photocall-textil-recto\/#primaryimage"},"image":{"@id":"https:\/\/impresiondigitalgranformato.es\/producto\/photocall-textil-recto\/#primaryimage"},"thumbnailUrl":"https:\/\/i0.wp.com\/impresiondigitalgranformato.es\/wp-content\/uploads\/2026\/07\/photocall-textil-recto.jpg?fit=945%2C945&ssl=1","datePublished":"2026-09-01T16:02:34+00:00","dateModified":"2026-09-01T16:02:35+00:00","description":"Photocall textile droit avec impression en couleur sur 1 ou 2 faces, disponible en plusieurs tailles au choix, facile \u00e0 monter et livr\u00e9 gratuitement en Espagne continentale.","breadcrumb":{"@id":"https:\/\/impresiondigitalgranformato.es\/producto\/photocall-textil-recto\/#breadcrumb"},"inLanguage":"fr-FR","potentialAction":[{"@type":"ReadAction","target":["https:\/\/impresiondigitalgranformato.es\/producto\/photocall-textil-recto\/"]}]},{"@type":"ImageObject","inLanguage":"fr-FR","@id":"https:\/\/impresiondigitalgranformato.es\/producto\/photocall-textil-recto\/#primaryimage","url":"https:\/\/i0.wp.com\/impresiondigitalgranformato.es\/wp-content\/uploads\/2026\/07\/photocall-textil-recto.jpg?fit=945%2C945&ssl=1","contentUrl":"https:\/\/i0.wp.com\/impresiondigitalgranformato.es\/wp-content\/uploads\/2026\/07\/photocall-textil-recto.jpg?fit=945%2C945&ssl=1","width":945,"height":945,"caption":"photocall textil recto"},{"@type":"BreadcrumbList","@id":"https:\/\/impresiondigitalgranformato.es\/producto\/photocall-textil-recto\/#breadcrumb","itemListElement":[{"@type":"ListItem","position":1,"name":"Portada","item":"https:\/\/impresiondigitalgranformato.es\/"},{"@type":"ListItem","position":2,"name":"Productos","item":"https:\/\/impresiondigitalgranformato.es\/venta-roll-up-banner\/"},{"@type":"ListItem","position":3,"name":"Photocall textil recto"}]},{"@type":"WebSite","@id":"https:\/\/impresiondigitalgranformato.es\/#website","url":"https:\/\/impresiondigitalgranformato.es\/","name":"Les moins chers","description":"impression num\u00e9rique grand format vente de roll up, banni\u00e8res, drapeaux, banderoles, b\u00e2ches, affiches, pr\u00e9sentoirs, publicit\u00e9s","publisher":{"@id":"https:\/\/impresiondigitalgranformato.es\/#organization"},"potentialAction":[{"@type":"SearchAction","target":{"@type":"EntryPoint","urlTemplate":"https:\/\/impresiondigitalgranformato.es\/?s={search_term_string}"},"query-input":{"@type":"PropertyValueSpecification","valueRequired":true,"valueName":"search_term_string"}}],"inLanguage":"fr-FR"},{"@type":"Organization","@id":"https:\/\/impresiondigitalgranformato.es\/#organization","name":"Les moins chers","url":"https:\/\/impresiondigitalgranformato.es\/","logo":{"@type":"ImageObject","inLanguage":"fr-FR","@id":"https:\/\/impresiondigitalgranformato.es\/#\/schema\/logo\/image\/","url":"https:\/\/i0.wp.com\/impresiondigitalgranformato.es\/wp-content\/uploads\/2016\/12\/cropped-logotipo-2-e1483373659766.png?fit=500%2C101&ssl=1","contentUrl":"https:\/\/i0.wp.com\/impresiondigitalgranformato.es\/wp-content\/uploads\/2016\/12\/cropped-logotipo-2-e1483373659766.png?fit=500%2C101&ssl=1","width":500,"height":101,"caption":"Los + baratos"},"image":{"@id":"https:\/\/impresiondigitalgranformato.es\/#\/schema\/logo\/image\/"}}]}},"jetpack_sharing_enabled":true,"_links":{"self":[{"href":"https:\/\/impresiondigitalgranformato.es\/fr\/wp-json\/wp\/v2\/product\/18547","targetHints":{"allow":["GET"]}}],"collection":[{"href":"https:\/\/impresiondigitalgranformato.es\/fr\/wp-json\/wp\/v2\/product"}],"about":[{"href":"https:\/\/impresiondigitalgranformato.es\/fr\/wp-json\/wp\/v2\/types\/product"}],"replies":[{"embeddable":true,"href":"https:\/\/impresiondigitalgranformato.es\/fr\/wp-json\/wp\/v2\/comments?post=18547"}],"wp:featuredmedia":[{"embeddable":true,"href":"https:\/\/impresiondigitalgranformato.es\/fr\/wp-json\/wp\/v2\/media\/18549"}],"wp:attachment":[{"href":"https:\/\/impresiondigitalgranformato.es\/fr\/wp-json\/wp\/v2\/media?parent=18547"}],"wp:term":[{"taxonomy":"product_brand","embeddable":true,"href":"https:\/\/impresiondigitalgranformato.es\/fr\/wp-json\/wp\/v2\/product_brand?post=18547"},{"taxonomy":"product_cat","embeddable":true,"href":"https:\/\/impresiondigitalgranformato.es\/fr\/wp-json\/wp\/v2\/product_cat?post=18547"},{"taxonomy":"product_tag","embeddable":true,"href":"https:\/\/impresiondigitalgranformato.es\/fr\/wp-json\/wp\/v2\/product_tag?post=18547"}],"curies":[{"name":"wp","href":"https:\/\/api.w.org\/{rel}","templated":true}]}}