{"id":18547,"date":"2026-09-01T18:02:34","date_gmt":"2026-09-01T16:02:34","guid":{"rendered":"https:\/\/impresiondigitalgranformato.es\/?post_type=product&#038;p=18547"},"modified":"2026-09-01T18:02:35","modified_gmt":"2026-09-01T16:02:35","slug":"photocall-textil-recto","status":"publish","type":"product","link":"https:\/\/impresiondigitalgranformato.es\/pt\/producto\/photocall-textil-recto\/","title":{"rendered":"photocall t\u00eaxtil reto"},"content":{"rendered":"<p>Photocall t\u00eaxtil reto, dispon\u00edvel em diferentes tamanhos para que possa escolher de acordo com o evento.<\/p>\n<p>Imagem impressa em tecido de poli\u00e9ster<\/p>\n<p>Estrutura em alum\u00ednio de montagem f\u00e1cil. <a href=\"https:\/\/www.youtube.com\/watch?v=qQ4azBV4lg0\" target=\"_blank\" rel=\"noopener\">v\u00eddeo de montagem<\/a><\/p>\n<p>Este painel publicit\u00e1rio \u00e9 ideal para utiliza\u00e7\u00e3o em feiras, eventos, festas e exposi\u00e7\u00f5es. O seu acabamento \u00e9 muito elegante, as linhas s\u00e3o muito definidas e as cores muito intensas. Al\u00e9m disso, permite a troca de imagens, para que possa ser utilizado em diferentes stands, apresenta\u00e7\u00f5es ou como pano de fundo para fotografias de grupo.<\/p>\n<p><strong>Imagem do photocall t\u00eaxtil: <\/strong>O cartaz \u00e9 confecionado em tecido de poli\u00e9ster el\u00e1stico. Isto permite que, ao colocar o cartaz na estrutura do backwall, este fique bem ajustado. O fecho \u00e9 feito atrav\u00e9s de um fecho de correr cosido na parte inferior; este sistema permite trocar os cartazes rapidamente a qualquer momento.<\/p>\n<p><strong>Estrutura do photocall t\u00eaxtil:<\/strong> A estrutura \u00e9 fabricada com tubos de alum\u00ednio de 30 mm de di\u00e2metro. A montagem \u00e9 feita sem ferramentas, exceto na fixa\u00e7\u00e3o dos p\u00e9s, para a qual se utiliza uma chave Allen inclu\u00edda no conjunto. Algumas das sec\u00e7\u00f5es j\u00e1 v\u00eam presas com um cord\u00e3o el\u00e1stico; as jun\u00e7\u00f5es entre as sec\u00e7\u00f5es est\u00e3o numeradas e s\u00e3o feitas com bot\u00f5es de press\u00e3o. Inclui <strong>saco de transporte<\/strong> acolchoada para permitir o transporte e o armazenamento seguros do photocall t\u00eaxtil reto.<\/p>\n<p><strong>Impress\u00e3o do photocall t\u00eaxtil:<\/strong> A impress\u00e3o do gr\u00e1fico do photocall \u00e9 feita por sublima\u00e7\u00e3o, de forma a que as cores fiquem com grande intensidade. Oferecemos a op\u00e7\u00e3o de impress\u00e3o em 1 ou 2 faces, para que o photocall t\u00eaxtil seja vis\u00edvel de ambos os lados; se a impress\u00e3o for feita apenas numa face, a parte de tr\u00e1s \u00e9 entregue em branco. Tamb\u00e9m oferecemos a op\u00e7\u00e3o de fazer a impress\u00e3o em <strong>poli\u00e9ster opaco<\/strong> tanto em gr\u00e1ficos de 1 ou 2 faces, para evitar transpar\u00eancias e sombras no caso de haver uma fonte de luz por tr\u00e1s.<\/p>\n<h3><span style=\"color: #000080;\">Diferentes tamanhos do photocall t\u00eaxtil reto.<\/span><\/h3>\n<p>Todos os tamanhos do painel publicit\u00e1rio t\u00eam uma altura de 230 cm.<\/p>\n<p><strong>200 cm<\/strong> de largura, para que tr\u00eas pessoas possam tirar fotografias com conforto.<\/p>\n<p><strong>240 cm<\/strong> de largura, para que 4 pessoas possam tirar fotografias com conforto.<\/p>\n<p><strong>300 cm<\/strong> de largura, para que 5 pessoas possam tirar fotografias com conforto.<\/p>\n<p><strong>400 cm<\/strong> de largura, para que 7 pessoas possam tirar fotografias com conforto.<\/p>\n<p><strong>500 cm<\/strong> de largura, para que 9 pessoas possam tirar fotografias com conforto.<\/p>\n<p><strong>600 cm<\/strong> de largura, para que 11 pessoas possam tirar fotografias com conforto.<\/p>\n<h3 style=\"text-align: left;\"><span style=\"color: #ff6600;\">Mais tipos de photocall que disponibilizamos e que poder\u00e1 ter interesse em adquirir.<\/span><\/h3>\n<p><a href=\"https:\/\/impresiondigitalgranformato.es\/pt\/photocall-baratos-economicos\/\">Photocall econ\u00f3mico<\/a>, muito utilizado em festas de anivers\u00e1rio.<\/p>\n<p><a href=\"https:\/\/impresiondigitalgranformato.es\/pt\/pop-up-photocall\/\">Pop up<\/a>, com a op\u00e7\u00e3o de impress\u00e3o em lona ou tecido.<\/p>\n<p><a href=\"https:\/\/impresiondigitalgranformato.es\/pt\/categoria-produto\/photocall-extensivel\/\">Chamada fotogr\u00e1fica extens\u00edvel<\/a>, com uma \u00fanica estrutura, \u00e9 poss\u00edvel alternar entre gr\u00e1ficos de diferentes tamanhos.<\/p>\n<p><a href=\"https:\/\/impresiondigitalgranformato.es\/pt\/produto\/rollup-premium-economico\/\">Roll up premium<\/a>, montagem em menos de um minuto.<\/p>\n<p>&nbsp;<\/p>\n<p>A aquisi\u00e7\u00e3o deste photocall t\u00eaxtil reto permitir-lhe-\u00e1 montar e desmontar o seu stand, ponto de venda ou parede para fotografias de forma r\u00e1pida e eficiente.<\/p>\n<p>&nbsp;<\/p>","protected":false},"excerpt":{"rendered":"<h2 style=\"text-align: center;\">Photocall en tela de poli\u00e9ster recto<\/h2>\n<p style=\"text-align: center;\">","protected":false},"featured_media":18549,"comment_status":"open","ping_status":"closed","template":"","meta":[],"product_brand":[],"product_cat":[9],"product_tag":[],"class_list":["post-18547","product","type-product","status-publish","has-post-thumbnail","product_cat-photocall-barato","first","instock","sold-individually","taxable","shipping-taxable","purchasable","product-type-simple"],"yoast_head":"<!-- This site is optimized with the Yoast SEO plugin v28.3 - https:\/\/yoast.com\/product\/yoast-seo-wordpress\/ -->\n<title>Photocall textil recto - Los + baratos<\/title>\n<meta name=\"description\" content=\"Photocall textil recto con impresi\u00f3n a todo color por 1 \u00f3 2 caras con varios tama\u00f1os para elegir y de f\u00e1cil montaje adem\u00e1s con env\u00edo gratuito a pen\u00ednsula.\" \/>\n<meta name=\"robots\" content=\"index, follow, max-snippet:-1, max-image-preview:large, max-video-preview:-1\" \/>\n<link rel=\"canonical\" href=\"https:\/\/impresiondigitalgranformato.es\/pt\/produto\/photocall-textil-recto\/\" \/>\n<meta property=\"og:locale\" content=\"pt_PT\" \/>\n<meta property=\"og:type\" content=\"article\" \/>\n<meta property=\"og:title\" content=\"Photocall textil recto - Los + baratos\" \/>\n<meta property=\"og:description\" content=\"Photocall textil recto con impresi\u00f3n a todo color por 1 \u00f3 2 caras con varios tama\u00f1os para elegir y de f\u00e1cil montaje adem\u00e1s con env\u00edo gratuito a pen\u00ednsula.\" \/>\n<meta property=\"og:url\" content=\"https:\/\/impresiondigitalgranformato.es\/pt\/produto\/photocall-textil-recto\/\" \/>\n<meta property=\"og:site_name\" content=\"Los + baratos\" \/>\n<meta property=\"article:modified_time\" content=\"2026-09-01T16:02:35+00:00\" \/>\n<meta property=\"og:image\" content=\"http:\/\/impresiondigitalgranformato.es\/wp-content\/uploads\/2026\/07\/photocall-textil-recto.jpg\" \/>\n\t<meta property=\"og:image:width\" content=\"945\" \/>\n\t<meta property=\"og:image:height\" content=\"945\" \/>\n\t<meta property=\"og:image:type\" content=\"image\/jpeg\" \/>\n<meta name=\"twitter:card\" content=\"summary_large_image\" \/>\n<meta name=\"twitter:label1\" content=\"Tempo estimado de leitura\" \/>\n\t<meta name=\"twitter:data1\" content=\"3 minutos\" \/>\n<script type=\"application\/ld+json\" class=\"yoast-schema-graph\">{\"@context\":\"https:\\\/\\\/schema.org\",\"@graph\":[{\"@type\":\"WebPage\",\"@id\":\"https:\\\/\\\/impresiondigitalgranformato.es\\\/producto\\\/photocall-textil-recto\\\/\",\"url\":\"https:\\\/\\\/impresiondigitalgranformato.es\\\/producto\\\/photocall-textil-recto\\\/\",\"name\":\"Photocall textil recto - Los + baratos\",\"isPartOf\":{\"@id\":\"https:\\\/\\\/impresiondigitalgranformato.es\\\/#website\"},\"primaryImageOfPage\":{\"@id\":\"https:\\\/\\\/impresiondigitalgranformato.es\\\/producto\\\/photocall-textil-recto\\\/#primaryimage\"},\"image\":{\"@id\":\"https:\\\/\\\/impresiondigitalgranformato.es\\\/producto\\\/photocall-textil-recto\\\/#primaryimage\"},\"thumbnailUrl\":\"https:\\\/\\\/i0.wp.com\\\/impresiondigitalgranformato.es\\\/wp-content\\\/uploads\\\/2026\\\/07\\\/photocall-textil-recto.jpg?fit=945%2C945&ssl=1\",\"datePublished\":\"2026-09-01T16:02:34+00:00\",\"dateModified\":\"2026-09-01T16:02:35+00:00\",\"description\":\"Photocall textil recto con impresi\u00f3n a todo color por 1 \u00f3 2 caras con varios tama\u00f1os para elegir y de f\u00e1cil montaje adem\u00e1s con env\u00edo gratuito a pen\u00ednsula.\",\"breadcrumb\":{\"@id\":\"https:\\\/\\\/impresiondigitalgranformato.es\\\/producto\\\/photocall-textil-recto\\\/#breadcrumb\"},\"inLanguage\":\"pt-PT\",\"potentialAction\":[{\"@type\":\"ReadAction\",\"target\":[\"https:\\\/\\\/impresiondigitalgranformato.es\\\/producto\\\/photocall-textil-recto\\\/\"]}]},{\"@type\":\"ImageObject\",\"inLanguage\":\"pt-PT\",\"@id\":\"https:\\\/\\\/impresiondigitalgranformato.es\\\/producto\\\/photocall-textil-recto\\\/#primaryimage\",\"url\":\"https:\\\/\\\/i0.wp.com\\\/impresiondigitalgranformato.es\\\/wp-content\\\/uploads\\\/2026\\\/07\\\/photocall-textil-recto.jpg?fit=945%2C945&ssl=1\",\"contentUrl\":\"https:\\\/\\\/i0.wp.com\\\/impresiondigitalgranformato.es\\\/wp-content\\\/uploads\\\/2026\\\/07\\\/photocall-textil-recto.jpg?fit=945%2C945&ssl=1\",\"width\":945,\"height\":945,\"caption\":\"photocall textil recto\"},{\"@type\":\"BreadcrumbList\",\"@id\":\"https:\\\/\\\/impresiondigitalgranformato.es\\\/producto\\\/photocall-textil-recto\\\/#breadcrumb\",\"itemListElement\":[{\"@type\":\"ListItem\",\"position\":1,\"name\":\"Portada\",\"item\":\"https:\\\/\\\/impresiondigitalgranformato.es\\\/\"},{\"@type\":\"ListItem\",\"position\":2,\"name\":\"Productos\",\"item\":\"https:\\\/\\\/impresiondigitalgranformato.es\\\/venta-roll-up-banner\\\/\"},{\"@type\":\"ListItem\",\"position\":3,\"name\":\"Photocall textil recto\"}]},{\"@type\":\"WebSite\",\"@id\":\"https:\\\/\\\/impresiondigitalgranformato.es\\\/#website\",\"url\":\"https:\\\/\\\/impresiondigitalgranformato.es\\\/\",\"name\":\"Los + baratos\",\"description\":\"impresi\u00f3n digital gran formato venta de roll up, banner, banderas, lonas, carteles, displays, publicidad\",\"publisher\":{\"@id\":\"https:\\\/\\\/impresiondigitalgranformato.es\\\/#organization\"},\"potentialAction\":[{\"@type\":\"SearchAction\",\"target\":{\"@type\":\"EntryPoint\",\"urlTemplate\":\"https:\\\/\\\/impresiondigitalgranformato.es\\\/?s={search_term_string}\"},\"query-input\":{\"@type\":\"PropertyValueSpecification\",\"valueRequired\":true,\"valueName\":\"search_term_string\"}}],\"inLanguage\":\"pt-PT\"},{\"@type\":\"Organization\",\"@id\":\"https:\\\/\\\/impresiondigitalgranformato.es\\\/#organization\",\"name\":\"Los + baratos\",\"url\":\"https:\\\/\\\/impresiondigitalgranformato.es\\\/\",\"logo\":{\"@type\":\"ImageObject\",\"inLanguage\":\"pt-PT\",\"@id\":\"https:\\\/\\\/impresiondigitalgranformato.es\\\/#\\\/schema\\\/logo\\\/image\\\/\",\"url\":\"https:\\\/\\\/i0.wp.com\\\/impresiondigitalgranformato.es\\\/wp-content\\\/uploads\\\/2016\\\/12\\\/cropped-logotipo-2-e1483373659766.png?fit=500%2C101&ssl=1\",\"contentUrl\":\"https:\\\/\\\/i0.wp.com\\\/impresiondigitalgranformato.es\\\/wp-content\\\/uploads\\\/2016\\\/12\\\/cropped-logotipo-2-e1483373659766.png?fit=500%2C101&ssl=1\",\"width\":500,\"height\":101,\"caption\":\"Los + baratos\"},\"image\":{\"@id\":\"https:\\\/\\\/impresiondigitalgranformato.es\\\/#\\\/schema\\\/logo\\\/image\\\/\"}}]}<\/script>\n<!-- \/ Yoast SEO plugin. -->","yoast_head_json":{"title":"Photocall t\u00eaxtil reto - Os mais baratos","description":"Photocall t\u00eaxtil reto com impress\u00e3o a cores em 1 ou 2 faces, dispon\u00edvel em v\u00e1rios tamanhos \u00e0 escolha e de f\u00e1cil montagem, al\u00e9m de envio gratuito para a Pen\u00ednsula.","robots":{"index":"index","follow":"follow","max-snippet":"max-snippet:-1","max-image-preview":"max-image-preview:large","max-video-preview":"max-video-preview:-1"},"canonical":"https:\/\/impresiondigitalgranformato.es\/pt\/produto\/photocall-textil-recto\/","og_locale":"pt_PT","og_type":"article","og_title":"Photocall textil recto - Los + baratos","og_description":"Photocall textil recto con impresi\u00f3n a todo color por 1 \u00f3 2 caras con varios tama\u00f1os para elegir y de f\u00e1cil montaje adem\u00e1s con env\u00edo gratuito a pen\u00ednsula.","og_url":"https:\/\/impresiondigitalgranformato.es\/pt\/produto\/photocall-textil-recto\/","og_site_name":"Los + baratos","article_modified_time":"2026-09-01T16:02:35+00:00","og_image":[{"width":945,"height":945,"url":"http:\/\/impresiondigitalgranformato.es\/wp-content\/uploads\/2026\/07\/photocall-textil-recto.jpg","type":"image\/jpeg"}],"twitter_card":"summary_large_image","twitter_misc":{"Tempo estimado de leitura":"3 minutos"},"schema":{"@context":"https:\/\/schema.org","@graph":[{"@type":"WebPage","@id":"https:\/\/impresiondigitalgranformato.es\/producto\/photocall-textil-recto\/","url":"https:\/\/impresiondigitalgranformato.es\/producto\/photocall-textil-recto\/","name":"Photocall t\u00eaxtil reto - Os mais baratos","isPartOf":{"@id":"https:\/\/impresiondigitalgranformato.es\/#website"},"primaryImageOfPage":{"@id":"https:\/\/impresiondigitalgranformato.es\/producto\/photocall-textil-recto\/#primaryimage"},"image":{"@id":"https:\/\/impresiondigitalgranformato.es\/producto\/photocall-textil-recto\/#primaryimage"},"thumbnailUrl":"https:\/\/i0.wp.com\/impresiondigitalgranformato.es\/wp-content\/uploads\/2026\/07\/photocall-textil-recto.jpg?fit=945%2C945&ssl=1","datePublished":"2026-09-01T16:02:34+00:00","dateModified":"2026-09-01T16:02:35+00:00","description":"Photocall t\u00eaxtil reto com impress\u00e3o a cores em 1 ou 2 faces, dispon\u00edvel em v\u00e1rios tamanhos \u00e0 escolha e de f\u00e1cil montagem, al\u00e9m de envio gratuito para a Pen\u00ednsula.","breadcrumb":{"@id":"https:\/\/impresiondigitalgranformato.es\/producto\/photocall-textil-recto\/#breadcrumb"},"inLanguage":"pt-PT","potentialAction":[{"@type":"ReadAction","target":["https:\/\/impresiondigitalgranformato.es\/producto\/photocall-textil-recto\/"]}]},{"@type":"ImageObject","inLanguage":"pt-PT","@id":"https:\/\/impresiondigitalgranformato.es\/producto\/photocall-textil-recto\/#primaryimage","url":"https:\/\/i0.wp.com\/impresiondigitalgranformato.es\/wp-content\/uploads\/2026\/07\/photocall-textil-recto.jpg?fit=945%2C945&ssl=1","contentUrl":"https:\/\/i0.wp.com\/impresiondigitalgranformato.es\/wp-content\/uploads\/2026\/07\/photocall-textil-recto.jpg?fit=945%2C945&ssl=1","width":945,"height":945,"caption":"photocall textil recto"},{"@type":"BreadcrumbList","@id":"https:\/\/impresiondigitalgranformato.es\/producto\/photocall-textil-recto\/#breadcrumb","itemListElement":[{"@type":"ListItem","position":1,"name":"Portada","item":"https:\/\/impresiondigitalgranformato.es\/"},{"@type":"ListItem","position":2,"name":"Productos","item":"https:\/\/impresiondigitalgranformato.es\/venta-roll-up-banner\/"},{"@type":"ListItem","position":3,"name":"Photocall textil recto"}]},{"@type":"WebSite","@id":"https:\/\/impresiondigitalgranformato.es\/#website","url":"https:\/\/impresiondigitalgranformato.es\/","name":"Os mais baratos","description":"impress\u00e3o digital de grande formato venda de roll up, banners, bandeiras, faixas, lonas, cartazes, expositores, an\u00fancios","publisher":{"@id":"https:\/\/impresiondigitalgranformato.es\/#organization"},"potentialAction":[{"@type":"SearchAction","target":{"@type":"EntryPoint","urlTemplate":"https:\/\/impresiondigitalgranformato.es\/?s={search_term_string}"},"query-input":{"@type":"PropertyValueSpecification","valueRequired":true,"valueName":"search_term_string"}}],"inLanguage":"pt-PT"},{"@type":"Organization","@id":"https:\/\/impresiondigitalgranformato.es\/#organization","name":"Os mais baratos","url":"https:\/\/impresiondigitalgranformato.es\/","logo":{"@type":"ImageObject","inLanguage":"pt-PT","@id":"https:\/\/impresiondigitalgranformato.es\/#\/schema\/logo\/image\/","url":"https:\/\/i0.wp.com\/impresiondigitalgranformato.es\/wp-content\/uploads\/2016\/12\/cropped-logotipo-2-e1483373659766.png?fit=500%2C101&ssl=1","contentUrl":"https:\/\/i0.wp.com\/impresiondigitalgranformato.es\/wp-content\/uploads\/2016\/12\/cropped-logotipo-2-e1483373659766.png?fit=500%2C101&ssl=1","width":500,"height":101,"caption":"Los + baratos"},"image":{"@id":"https:\/\/impresiondigitalgranformato.es\/#\/schema\/logo\/image\/"}}]}},"jetpack_sharing_enabled":true,"_links":{"self":[{"href":"https:\/\/impresiondigitalgranformato.es\/pt\/wp-json\/wp\/v2\/product\/18547","targetHints":{"allow":["GET"]}}],"collection":[{"href":"https:\/\/impresiondigitalgranformato.es\/pt\/wp-json\/wp\/v2\/product"}],"about":[{"href":"https:\/\/impresiondigitalgranformato.es\/pt\/wp-json\/wp\/v2\/types\/product"}],"replies":[{"embeddable":true,"href":"https:\/\/impresiondigitalgranformato.es\/pt\/wp-json\/wp\/v2\/comments?post=18547"}],"wp:featuredmedia":[{"embeddable":true,"href":"https:\/\/impresiondigitalgranformato.es\/pt\/wp-json\/wp\/v2\/media\/18549"}],"wp:attachment":[{"href":"https:\/\/impresiondigitalgranformato.es\/pt\/wp-json\/wp\/v2\/media?parent=18547"}],"wp:term":[{"taxonomy":"product_brand","embeddable":true,"href":"https:\/\/impresiondigitalgranformato.es\/pt\/wp-json\/wp\/v2\/product_brand?post=18547"},{"taxonomy":"product_cat","embeddable":true,"href":"https:\/\/impresiondigitalgranformato.es\/pt\/wp-json\/wp\/v2\/product_cat?post=18547"},{"taxonomy":"product_tag","embeddable":true,"href":"https:\/\/impresiondigitalgranformato.es\/pt\/wp-json\/wp\/v2\/product_tag?post=18547"}],"curies":[{"name":"wp","href":"https:\/\/api.w.org\/{rel}","templated":true}]}}